{"id":1795,"date":"2022-09-09T07:10:56","date_gmt":"2022-09-09T05:10:56","guid":{"rendered":"https:\/\/kiddy.bkapps.pl\/produkty\/evoluna-i-size-2-nowy\/"},"modified":"2023-01-30T09:40:52","modified_gmt":"2023-01-30T08:40:52","slug":"evoluna-i-size-2","status":"publish","type":"products","link":"https:\/\/kiddy.com\/de\/produkte\/evoluna-i-size-2\/","title":{"rendered":"EVOLUNA I-SIZE 2"},"content":{"rendered":"<section id=\"\" class=\"video-cover acf-block acf-block-id-block_be0b2760bc5826d1f1fdca82e02e868e  acf-block--mt\">\n\t<a href=\"https:\/\/kiddy.com\/app\/uploads\/2022\/09\/Fotelik-samocchodowy-Kiddy-EVOLUNA-ISIZE2-FUNCTIONAL-DE.mp4\" class=\"video-cover__wrapper video-cover__wrapper--smaller\" data-fslightbox>\n\t\t<div class=\"video-cover__cover\" onclick=\"setTimeout(function() { var video = document.querySelector('.fslightbox-source'); console.log(video); video.play();}, 1000);\">\n\t\t\t\t\t\t\t\t\t\t\t<picture class=\"video-cover__cover__picture\">\n\t\t\t\t\t<source srcset=\"https:\/\/kiddy.com\/app\/uploads\/2022\/09\/Fotelik-samochodowy-Kiddy-EVOLUNA-miniatura-filmu-DE-1.webp\" type=\"image\/webp\">\n\t\t\t\t\t<img decoding=\"async\" class=\"video-cover__cover__img\" src=\"https:\/\/kiddy.com\/app\/uploads\/2022\/09\/Fotelik-samochodowy-Kiddy-EVOLUNA-miniatura-filmu-DE-1.jpg\" alt=\"Funktionsvideo Autositz Kiddy EVOLUNA\">\n\t\t\t\t<\/picture>\n\t\t\t\t\t\t<button class=\"video-cover__play\" data-video-play>\n\t\t\t\t<svg width=\"38\" height=\"44\" viewBox=\"0 0 38 44\" fill=\"none\" xmlns=\"http:\/\/www.w3.org\/2000\/svg\">\n<path d=\"M35.898 25.5425L6.32806 42.5115C3.67349 43.99 0.330078 42.0915 0.330078 38.9833V4.03708C0.330078 0.945686 3.65669 -0.969636 6.32806 0.508859L35.898 18.486C38.6533 20.0317 38.6533 24.0136 35.898 25.5425Z\" fill=\"black\" fill-opacity=\"0.8\"\/>\n<\/svg>\n\n\t\t\t<\/button>\n\t\t<\/div>\n\t<\/a>\n<\/section>\n\n\n\n<section id=\"\" class=\"product-animation-with-text acf-block acf-block-id-block_acfbbd78466428c51ccc832e2d1641f6 \">\n\t<div class=\"product-animation-with-text__content\">\n\t\t<h1 class=\"product-animation-with-text__title\">Flaches Liegen ist besser f\u00fcr die Gesundheit Ihres Kindes<\/h1>\n\t\t<div class=\"product-animation-with-text__text\"><p>Die patentrechtlich gesch\u00fctzte Kiddy Lie-Flat-Technologie setzt neue Ma\u00dfst\u00e4be f\u00fcr den Reisekomfort und erm\u00f6glicht es Ihrem Kind, w\u00e4hrend der Fahrt eine f\u00fcr die Wirbels\u00e4ule ges\u00fcndere Liegeposition einzunehmen. Diese speziell f\u00fcr Neu- und Fr\u00fchgeborene entwickelte L\u00f6sung verhindert ein Absinken des Kopfes, gew\u00e4hrleistet eine ausreichende Sauerstoffversorgung und verl\u00e4ngert die sichere Bef\u00f6rderung des Kindes im Auto.<\/p>\n<\/div>\n\t<\/div>\n\n\t<video class=\"lazy product-animation-with-text__video\" autoplay playsinline muted loop data-video>\n\t\t<source data-src-desktop=\"https:\/\/kiddy.com\/app\/uploads\/2022\/09\/Technologia-Kiddy-Lie-Flat-desktop.mp4\" data-src-mobile=\"https:\/\/kiddy.com\/app\/uploads\/2022\/09\/Technologia-Kiddy-Lie-Flat-mobile.mp4\" type=\"video\/mp4\">\n\t\tYour browser does not support the video tag.\n\t<\/video>\n\n<\/section>\n\n\n\n<section id=\"\" class=\"hotspots hotspots--black acf-block acf-block-id-block_1564151456f4f8cad657548dd167415c hotspots--mt170\">\n\t<div class=\"container-fluid lg-no-padding\">\n\t\t<div class=\"row\">\n\t\t\t\t\t\t<div class=\"col-12 col-lg-6 col-xl-6\">\n\t\t\t\t\t\t\t\t<div class=\"hotspots__points\" data-paralax data-paralax-direction=\"left\" data-paralax-speed=\"0.05\" data-paralax-mobile-speed=\"0.03\">\n\t\t\t\t\t<picture class=\"hotspots__image-container\">\n\t\t\t\t\t\t<source srcset=\"https:\/\/kiddy.com\/app\/uploads\/2022\/09\/KIDDY-EVOLUNA-I-SIZE2-unikalna-budowa-wytrzymala-konstrukcja-991x991-c-default.webp 1x, https:\/\/kiddy.com\/app\/uploads\/2022\/09\/KIDDY-EVOLUNA-I-SIZE2-unikalna-budowa-wytrzymala-konstrukcja-1982x1982-c-default.webp 2x\" media=\"(min-width: 1200px)\">\n\t\t\t\t\t\t<source srcset=\"https:\/\/kiddy.com\/app\/uploads\/2022\/09\/KIDDY-EVOLUNA-I-SIZE2-unikalna-budowa-wytrzymala-konstrukcja-345x350-c-default.webp 1x, https:\/\/kiddy.com\/app\/uploads\/2022\/09\/KIDDY-EVOLUNA-I-SIZE2-unikalna-budowa-wytrzymala-konstrukcja-690x700-c-default.webp 2x\">\n\t\t\t\t\t\t<img decoding=\"async\" class=\"hotspots__image\"\n\t\t\t\t\t\t\t src=\"https:\/\/kiddy.com\/app\/uploads\/2022\/09\/KIDDY-EVOLUNA-I-SIZE2-unikalna-budowa-wytrzymala-konstrukcja-991x991-c-default.webp 1x, https:\/\/kiddy.com\/app\/uploads\/2022\/09\/KIDDY-EVOLUNA-I-SIZE2-unikalna-budowa-wytrzymala-konstrukcja-1982x1982-c-default.webp\"\n\t\t\t\t\t\t\t alt=\"KIDDY EVOLUNA I-SIZE2 einzigartiges Design langlebige Konstruktion\">\n\t\t\t\t\t<\/picture>\n\n\t\t\t\t\t\t\t\t\t\t\t\t\t\t\t\t\t\t<div class=\"hotspot\" style=\"top: 28.6%; left: 32%;\">\n\t\t\t\t\t\t\t\t<div class=\"hotspot__point\"><\/div>\n\t\t\t\t\t\t\t\t<div class=\"hotspot__text\">Impact Barrier Schaum<\/div>\n\t\t\t\t\t\t\t<\/div>\n\t\t\t\t\t\t\t\t\t\t\t\t\t<div class=\"hotspot\" style=\"top: 43.5%; left: 45.7%;\">\n\t\t\t\t\t\t\t\t<div class=\"hotspot__point\"><\/div>\n\t\t\t\t\t\t\t\t<div class=\"hotspot__text\">Zus\u00e4tzlicher Seitenschutz<\/div>\n\t\t\t\t\t\t\t<\/div>\n\t\t\t\t\t\t\t\t\t\t\t\t\t<div class=\"hotspot\" style=\"top: 55.7%; left: 34.6%;\">\n\t\t\t\t\t\t\t\t<div class=\"hotspot__point\"><\/div>\n\t\t\t\t\t\t\t\t<div class=\"hotspot__text\">EPO Schaum<\/div>\n\t\t\t\t\t\t\t<\/div>\n\t\t\t\t\t\t\t\t\t\t\t\t\t<div class=\"hotspot\" style=\"top: 66.2%; left: 38.4%;\">\n\t\t\t\t\t\t\t\t<div class=\"hotspot__point\"><\/div>\n\t\t\t\t\t\t\t\t<div class=\"hotspot__text\">Energieabsorbierende Schale<\/div>\n\t\t\t\t\t\t\t<\/div>\n\t\t\t\t\t\t\t\t\t\t\t\t\t<div class=\"hotspot\" style=\"top: 85.2%; left: 64.7%;\">\n\t\t\t\t\t\t\t\t<div class=\"hotspot__point\"><\/div>\n\t\t\t\t\t\t\t\t<div class=\"hotspot__text\">Zus\u00e4tzlicher Seitenschutz<\/div>\n\t\t\t\t\t\t\t<\/div>\n\t\t\t\t\t\t\t\t\t\t\t\t\t\t\t<\/div>\n\t\t\t<\/div>\n\n\t\t\t\t\t\t<div class=\"col-12 col-lg-6 col-xl-5 hotspots__content\">\n\t\t\t\t<h2 class=\"hotspots__title\">Perfekter Schutz f\u00fcr Ihr Kind<\/h2>\n\t\t\t\t<div class=\"hotspots__description\"><p>Die Sicherheit des Kindes wird durch die starke Schale des Sitzes erh\u00f6ht, die die Kraft eines Aufpralls absorbiert. Im Inneren befinden sich Schichten aus sch\u00fctzendem EPO und speziellem Aufprallschutzschaum, <strong>der die Energie eines Seitenaufpralls absorbiert, noch bevor sie die empfindlichen K\u00f6rperteile der Passagiere erreicht.<\/strong> Der seitliche Schutz wird durch Sto\u00dff\u00e4nger an den Seiten und am Griff gew\u00e4hrleistet.<\/p>\n<\/div>\n\t\t\t<\/div>\n\t\t<\/div>\n\t<\/div>\n<\/section>\n\n\n\n<section id=\"\" class=\"hotspots hotspots--gray acf-block acf-block-id-block_d377d700fd9cb19187fe599688a75ec3 hotspots--mb210\">\n\t<div class=\"container-fluid lg-no-padding\">\n\t\t<div class=\"row\">\n\t\t\t\t\t\t<div class=\"col-12 col-lg-5 offset-lg-1 hotspots__content order-2 order-lg-1\">\n\t\t\t\t<h2 class=\"hotspots__title\">Hochmoderner gerippter Rahmen<\/h2>\n\t\t\t\t<div class=\"hotspots__description\"><p>Entwickelt, um St\u00f6\u00dfe w\u00e4hrend der Autofahrt zu absorbieren und die empfindliche Wirbels\u00e4ule des Kindes bei einem Aufprall zu sch\u00fctzen (der Rahmen absorbiert die Energie des Aufpralls). Dar\u00fcber hinaus bietet diese L\u00f6sung eine effektive Luftzirkulation, die zum Komfort der Reise beitr\u00e4gt.<\/p>\n<\/div>\n\t\t\t<\/div>\n\n\t\t\t\t\t\t<div class=\"col-12 col-lg-6 order-1 order-lg-2\">\n\t\t\t\t\t\t\t\t<div class=\"hotspots__points\" data-paralax data-paralax-direction=\"left\" data-paralax-speed=\"0.05\" data-paralax-mobile-speed=\"0\">\n\t\t\t\t\t<picture class=\"hotspots__image-container\">\n\t\t\t\t\t\t<source srcset=\"https:\/\/kiddy.com\/app\/uploads\/2022\/09\/KIDDY-EVOLUNA-I-SIZE2-ultranowoczesny-stelaz-fotelika-1177x1011-c-default.webp 1x, https:\/\/kiddy.com\/app\/uploads\/2022\/09\/KIDDY-EVOLUNA-I-SIZE2-ultranowoczesny-stelaz-fotelika-2354x2022-c-default.webp 2x\" media=\"(min-width: 1200px)\">\n\t\t\t\t\t\t<source srcset=\"https:\/\/kiddy.com\/app\/uploads\/2022\/09\/KIDDY-EVOLUNA-I-SIZE2-ultranowoczesny-stelaz-fotelika-345x350-c-default.webp 1x, https:\/\/kiddy.com\/app\/uploads\/2022\/09\/KIDDY-EVOLUNA-I-SIZE2-ultranowoczesny-stelaz-fotelika-690x700-c-default.webp 2x\">\n\t\t\t\t\t\t<img decoding=\"async\" class=\"hotspots__image\"\n\t\t\t\t\t\t\t src=\"https:\/\/kiddy.com\/app\/uploads\/2022\/09\/KIDDY-EVOLUNA-I-SIZE2-ultranowoczesny-stelaz-fotelika-1177x1011-c-default.webp 1x, https:\/\/kiddy.com\/app\/uploads\/2022\/09\/KIDDY-EVOLUNA-I-SIZE2-ultranowoczesny-stelaz-fotelika-2354x2022-c-default.webp\"\n\t\t\t\t\t\t\t alt=\"Hochmodernes Gestell f\u00fcr den Sitz KIDDY EVOLUNA I-SIZE 2\">\n\t\t\t\t\t<\/picture>\n\n\t\t\t\t\t\t\t\t\t\t\t\t\t\t\t\t\t\t<div class=\"hotspot\" style=\"top: 26.5%; left: 56.1%;\">\n\t\t\t\t\t\t\t\t<div class=\"hotspot__point\"><\/div>\n\t\t\t\t\t\t\t\t<div class=\"hotspot__text\">Schockabsorbierend<\/div>\n\t\t\t\t\t\t\t<\/div>\n\t\t\t\t\t\t\t\t\t\t\t\t\t<div class=\"hotspot\" style=\"top: 53.5%; left: 56.1%;\">\n\t\t\t\t\t\t\t\t<div class=\"hotspot__point\"><\/div>\n\t\t\t\t\t\t\t\t<div class=\"hotspot__text\">Sorgt f\u00fcr Luftzirkulation<\/div>\n\t\t\t\t\t\t\t<\/div>\n\t\t\t\t\t\t\t\t\t\t\t\t\t<div class=\"hotspot\" style=\"top: 72.3%; left: 37.2%;\">\n\t\t\t\t\t\t\t\t<div class=\"hotspot__point\"><\/div>\n\t\t\t\t\t\t\t\t<div class=\"hotspot__text\">Absorbiert Energie<\/div>\n\t\t\t\t\t\t\t<\/div>\n\t\t\t\t\t\t\t\t\t\t\t\t\t\t\t<\/div>\n\t\t\t<\/div>\n\t\t<\/div>\n\t<\/div>\n<\/section>\n\n\n\n\t\n<section id=\"\" class=\"title-description title-description--small acf-block acf-block-id-block_8ab3371b87970861b6ecac3b47f3b5f2 \">\n\t<div class=\"container order-2 order-lg-1\">\n\t\t<div class=\"row\">\n\t\t\t<div class=\"col-12 col-lg-6\">\n\t\t\t\t<h2 class=\"title-description__title\">Eine gute Alternative zur Babytragetasche<\/h2>\n\t\t\t<\/div>\n\t\t\t<div class=\"col-12 col-lg-6\">\n\t\t\t\t<div class=\"title-description__content\"><p>Der Sitz zeichnet sich unter anderem durch die innovative Lie-Flat-Funktion aus, die ihn auf dem Gestell des Evoluna i-Size 2 Kinderwagens zu einer tollen Alternative zur Tragewanne macht. Spezielle Adapter sorgen daf\u00fcr, dass das komfortable Travel System mit Kinderwagen dutzender verschiedener Marken kombiniert werden kann.<\/p>\n<\/div>\n\t\t\t<\/div>\n\t\t<\/div>\n\t<\/div>\n\t\t<div class=\"order-1 order-lg-2\">\n\t\t<div class=\"title-description__images\">\n\t\t\t\t\t\t\t\t\t\t\t<picture class=\"title-description__image-left \" data-paralax data-paralax-direction=\"right\" data-paralax-speed=\"0.1\">\n\t\t\t\t\t<source srcset=\"https:\/\/kiddy.com\/app\/uploads\/2022\/09\/Kobieta-prowadzaca-wozek-z-fotelikiem-KIDDY-EVOLUNA-ISIZE2-v2-720x720-c-default.webp 1x, https:\/\/kiddy.com\/app\/uploads\/2022\/09\/Kobieta-prowadzaca-wozek-z-fotelikiem-KIDDY-EVOLUNA-ISIZE2-v2-1440x1440-c-default.webp 2x\" media=\"(min-width: 992px)\">\n\t\t\t\t\t<source srcset=\"https:\/\/kiddy.com\/app\/uploads\/2022\/09\/Kobieta-prowadzaca-wozek-z-fotelikiem-KIDDY-EVOLUNA-ISIZE2-v2-248x186-c-default.webp 1x, https:\/\/kiddy.com\/app\/uploads\/2022\/09\/Kobieta-prowadzaca-wozek-z-fotelikiem-KIDDY-EVOLUNA-ISIZE2-v2-498x372-c-default.webp 2x\">\n\t\t\t\t\t<img decoding=\"async\" src=\"https:\/\/kiddy.com\/app\/uploads\/2022\/09\/Kobieta-prowadzaca-wozek-z-fotelikiem-KIDDY-EVOLUNA-ISIZE2-v2-720x720-c-default.webp\"\n\t\t\t\t\t\t srcset=\"https:\/\/kiddy.com\/app\/uploads\/2022\/09\/Kobieta-prowadzaca-wozek-z-fotelikiem-KIDDY-EVOLUNA-ISIZE2-v2-720x720-c-default.webp 1x, https:\/\/kiddy.com\/app\/uploads\/2022\/09\/Kobieta-prowadzaca-wozek-z-fotelikiem-KIDDY-EVOLUNA-ISIZE2-v2-1440x1440-c-default.webp 2x\"\n\t\t\t\t\t\t alt=\"\"\n\t\t\t\t\t>\n\t\t\t\t<\/picture>\n\n\t\t\t\t\t\t\t\t<picture class=\"title-description__image-right \" data-paralax data-paralax-direction=\"left\" data-paralax-speed=\"0.1\">\n\t\t\t\t\t<source srcset=\"https:\/\/kiddy.com\/app\/uploads\/2022\/09\/Kobieta-prowadzaca-wozek-KIDDY-EVOLUNA-ISIZE2-z-dzieckiem-scaled-1343x922-c-default.webp 1x, https:\/\/kiddy.com\/app\/uploads\/2022\/09\/Kobieta-prowadzaca-wozek-KIDDY-EVOLUNA-ISIZE2-z-dzieckiem-scaled-2686x1844-c-default.webp 2x\" media=\"(min-width: 992px)\">\n\t\t\t\t\t<source srcset=\"https:\/\/kiddy.com\/app\/uploads\/2022\/09\/Kobieta-prowadzaca-wozek-KIDDY-EVOLUNA-ISIZE2-z-dzieckiem-scaled-249x171-c-default.webp 1x, https:\/\/kiddy.com\/app\/uploads\/2022\/09\/Kobieta-prowadzaca-wozek-KIDDY-EVOLUNA-ISIZE2-z-dzieckiem-scaled-498x342-c-default.webp 2x\">\n\t\t\t\t\t<img decoding=\"async\" src=\"https:\/\/kiddy.com\/app\/uploads\/2022\/09\/Kobieta-prowadzaca-wozek-KIDDY-EVOLUNA-ISIZE2-z-dzieckiem-scaled-1343x922-c-default.webp\"\n\t\t\t\t\t\t srcset=\"https:\/\/kiddy.com\/app\/uploads\/2022\/09\/Kobieta-prowadzaca-wozek-KIDDY-EVOLUNA-ISIZE2-z-dzieckiem-scaled-1343x922-c-default.webp 1x, https:\/\/kiddy.com\/app\/uploads\/2022\/09\/Kobieta-prowadzaca-wozek-KIDDY-EVOLUNA-ISIZE2-z-dzieckiem-scaled-2686x1844-c-default.webp 2x\"\n\t\t\t\t\t\t alt=\"\"\n\t\t\t\t\t>\n\t\t\t\t<\/picture>\n\t\t\t\t\t<\/div>\n\t<\/div>\n\t<\/section>\n\n\n\n<section id=\"\" class=\"product-two-columns-fullwidth product-two-columns-fullwidth--gray acf-block acf-block-id-block_42fa5f33d103a15a177bd4d2420dd102 \">\n\n\t<div class=\"container-fluid lg-no-padding\">\n\t\t<div class=\"row\">\n\t\t\t<div class=\"col-12 col-lg-6 order-lg-1\">\n\t\t\t\t\t\t\t\t<picture class=\"product-two-columns-fullwidth__image-container\" data-paralax data-paralax-direction=\"top\" data-paralax-speed=\"0.15\" data-paralax-mobile-speed=\"0.1\">\n\t\t\t\t\t<source srcset=\"https:\/\/kiddy.com\/app\/uploads\/2022\/09\/System-on-click-KIDDY_EVOLUNA-ISIZE2-936x0-c-default.webp 1x, https:\/\/kiddy.com\/app\/uploads\/2022\/09\/System-on-click-KIDDY_EVOLUNA-ISIZE2-1872x0-c-default.webp 2x\" media=\"(min-width: 1200px)\">\n\t\t\t\t\t<source srcset=\"https:\/\/kiddy.com\/app\/uploads\/2022\/09\/System-on-click-KIDDY_EVOLUNA-ISIZE2-936x0-c-default.webp 1x, https:\/\/kiddy.com\/app\/uploads\/2022\/09\/System-on-click-KIDDY_EVOLUNA-ISIZE2-1872x0-c-default.webp 2x\">\n\t\t\t\t\t<img decoding=\"async\" class=\"product-two-columns-fullwidth__image product-two-columns-fullwidth__image--mb-10vh\"\n\t\t\t\t\t\t src=\"https:\/\/kiddy.com\/app\/uploads\/2022\/09\/System-on-click-KIDDY_EVOLUNA-ISIZE2-936x0-c-default.webp 1x, https:\/\/kiddy.com\/app\/uploads\/2022\/09\/System-on-click-KIDDY_EVOLUNA-ISIZE2-1872x0-c-default.webp\"\n\t\t\t\t\t\t alt=\"On-Click-System im Autositz KIDDY EVOLUNA I-SIZE 2\">\n\t\t\t\t<\/picture>\n\t\t\t<\/div>\n\n\t\t\t<div class=\"col-lg-6 product-two-columns-fullwidth__content order-lg-2\">\n\t\t\t\t<h2 class=\"product-two-columns-fullwidth__title\">One-Click System<\/h2>\n\t\t\t\t<div class=\"product-two-columns-fullwidth__text\"><p>Der Einbau des Sitzes ist schnell und einfach. Ein Klick gen\u00fcgt, um das Produkt auf der Kiddy Isofix Base 2 zu befestigen, die mit einer Anzeige f\u00fcr die korrekte Installation ausgestattet ist.<\/p>\n<\/div>\n\t\t\t<\/div>\n\t\t<\/div>\n\t<\/div>\n\n<\/section>\n\n\n\n\t\n<section id=\"\" class=\"product-two-columns-fullwidth product-two-columns-fullwidth--black acf-block acf-block-id-block_692a7c5fc69286c450ee3bdb6bba8462 \">\n\n\t<div class=\"container-fluid lg-no-padding\">\n\t\t<div class=\"row\">\n\t\t\t<div class=\"col-12 col-lg-6 order-lg-2\">\n\t\t\t\t\t\t\t\t<picture class=\"product-two-columns-fullwidth__image-container\" >\n\t\t\t\t\t<source srcset=\"https:\/\/kiddy.com\/app\/uploads\/2022\/09\/praktyczna-ochrona-przed-sloncem-KIDDY_EVOLUNA-ISIZE2-v2-936x0-c-default.webp 1x, https:\/\/kiddy.com\/app\/uploads\/2022\/09\/praktyczna-ochrona-przed-sloncem-KIDDY_EVOLUNA-ISIZE2-v2-1872x0-c-default.webp 2x\" media=\"(min-width: 1200px)\">\n\t\t\t\t\t<source srcset=\"https:\/\/kiddy.com\/app\/uploads\/2022\/09\/praktyczna-ochrona-przed-sloncem-KIDDY_EVOLUNA-ISIZE2-v2-936x0-c-default.webp 1x, https:\/\/kiddy.com\/app\/uploads\/2022\/09\/praktyczna-ochrona-przed-sloncem-KIDDY_EVOLUNA-ISIZE2-v2-1872x0-c-default.webp 2x\">\n\t\t\t\t\t<img decoding=\"async\" class=\"product-two-columns-fullwidth__image\"\n\t\t\t\t\t\t src=\"https:\/\/kiddy.com\/app\/uploads\/2022\/09\/praktyczna-ochrona-przed-sloncem-KIDDY_EVOLUNA-ISIZE2-v2-936x0-c-default.webp 1x, https:\/\/kiddy.com\/app\/uploads\/2022\/09\/praktyczna-ochrona-przed-sloncem-KIDDY_EVOLUNA-ISIZE2-v2-1872x0-c-default.webp\"\n\t\t\t\t\t\t alt=\"Praktischer Sonnenschutz f\u00fcr den Sitz KIDDY EVOLUNA I-SIZE 2\">\n\t\t\t\t<\/picture>\n\t\t\t<\/div>\n\n\t\t\t<div class=\"col-lg-6 product-two-columns-fullwidth__content order-lg-1\">\n\t\t\t\t<h2 class=\"product-two-columns-fullwidth__title\">Praktischer Schutz vor der Sonne<\/h2>\n\t\t\t\t<div class=\"product-two-columns-fullwidth__text\"><p>Der Sitz hat <strong>ein tiefes, verstellbares Sonnendach mit UPF80+,<\/strong> das Ihr Kind vor \u00fcberm\u00e4\u00dfiger Sonne und anderen Wetterbedingungen sch\u00fctzt.<\/p>\n<\/div>\n\t\t\t<\/div>\n\t\t<\/div>\n\t<\/div>\n\n<\/section>\n\n\n\n\n<section id=\"\" class=\"product-two-columns-fullwidth product-two-columns-fullwidth--gray acf-block acf-block-id-block_9e62889b696f88324a9ff8c64abaa740 \">\n\n\t<div class=\"container-fluid lg-no-padding\">\n\t\t<div class=\"row\">\n\t\t\t<div class=\"col-12 col-lg-6 order-lg-1\">\n\t\t\t\t\t\t\t\t<picture class=\"product-two-columns-fullwidth__image-container\" >\n\t\t\t\t\t<source srcset=\"https:\/\/kiddy.com\/app\/uploads\/2022\/09\/3punktowe-pasy-bezpieczenstwa-KIDDY-EVOLUNA-I-SIZE2-936x0-c-default.webp 1x, https:\/\/kiddy.com\/app\/uploads\/2022\/09\/3punktowe-pasy-bezpieczenstwa-KIDDY-EVOLUNA-I-SIZE2-1872x0-c-default.webp 2x\" media=\"(min-width: 1200px)\">\n\t\t\t\t\t<source srcset=\"https:\/\/kiddy.com\/app\/uploads\/2022\/09\/3punktowe-pasy-bezpieczenstwa-KIDDY-EVOLUNA-I-SIZE2-936x0-c-default.webp 1x, https:\/\/kiddy.com\/app\/uploads\/2022\/09\/3punktowe-pasy-bezpieczenstwa-KIDDY-EVOLUNA-I-SIZE2-1872x0-c-default.webp 2x\">\n\t\t\t\t\t<img decoding=\"async\" class=\"product-two-columns-fullwidth__image\"\n\t\t\t\t\t\t src=\"https:\/\/kiddy.com\/app\/uploads\/2022\/09\/3punktowe-pasy-bezpieczenstwa-KIDDY-EVOLUNA-I-SIZE2-936x0-c-default.webp 1x, https:\/\/kiddy.com\/app\/uploads\/2022\/09\/3punktowe-pasy-bezpieczenstwa-KIDDY-EVOLUNA-I-SIZE2-1872x0-c-default.webp\"\n\t\t\t\t\t\t alt=\"Verstellbare 3-Punkt-Gurtb\u00e4nder am Sitz KIDDY EVOLUNA I-SIZE2\">\n\t\t\t\t<\/picture>\n\t\t\t<\/div>\n\n\t\t\t<div class=\"col-lg-6 product-two-columns-fullwidth__content order-lg-2\">\n\t\t\t\t<h2 class=\"product-two-columns-fullwidth__title\">Sicherheitsgurte<\/h2>\n\t\t\t\t<div class=\"product-two-columns-fullwidth__text\"><p>Der Komfort und Schutz des Kindes im Auto wird unter anderem durch die 3-Punkt-Gurte gew\u00e4hrleistet, die in 5 Positionen verstellbar sind.<\/p>\n<\/div>\n\t\t\t<\/div>\n\t\t<\/div>\n\t<\/div>\n\n<\/section>\n\n\n\n<section id=\"\" class=\"title-description title-description--small product-text-and-fullwidth-image acf-block acf-block-id-block_7356e55550d64c6118c40eb6f5700d9d \">\n\n\t<div class=\"container order-2 order-lg-1\">\n\t\t<div class=\"row\">\n\t\t\t<div class=\"col-12 col-lg-6\">\n\t\t\t\t<h2 class=\"title-description__title\">Perfekte Passform f\u00fcr Ihr Kind<\/h2>\n\t\t\t<\/div>\n\t\t\t<div class=\"col-12 col-lg-6\">\n\t\t\t\t<div class=\"title-description__content\">\n\t\t\t\t\t<p>Die Babyschale besteht aus mehreren Modulen, die es erm\u00f6glichen, den Sitz perfekt an das Kind anzupassen und das Kind durch seitlich abnehmbare Bez\u00fcge besser zu sch\u00fctzen.<\/p>\n\n\t\t\t\t<\/div>\n\t\t\t<\/div>\n\t\t<\/div>\n\t<\/div>\n\n\t<div class=\"container-fluid lg-no-padding order-1 order-lg-2\">\n\t\t<div class=\"row\">\n\t\t\t<div class=\"col-12\">\n\t\t\t\t\t\t\t\t\t\t\t\t<picture class=\"product-text-and-fullwidth-image__image-container\">\n\t\t\t\t\t<source srcset=\"https:\/\/kiddy.com\/app\/uploads\/2022\/09\/Wkladka-dla-noworodka-KIDDY-EVOLUNA-I-SIZE2-scaled-1920x0-c-default.webp 1x, https:\/\/kiddy.com\/app\/uploads\/2022\/09\/Wkladka-dla-noworodka-KIDDY-EVOLUNA-I-SIZE2-scaled-3840x0-c-default.webp 2x\" media=\"(min-width: 992px)\">\n\t\t\t\t\t<source srcset=\"https:\/\/kiddy.com\/app\/uploads\/2022\/09\/Wkladka-dla-noworodka-KIDDY-EVOLUNA-I-SIZE2-mobile-500x0-c-default.webp 1x, https:\/\/kiddy.com\/app\/uploads\/2022\/09\/Wkladka-dla-noworodka-KIDDY-EVOLUNA-I-SIZE2-mobile-1000x0-c-default.webp 2x\">\n\t\t\t\t\t<img decoding=\"async\" class=\"product-text-and-fullwidth-image__image\"\n\t\t\t\t\t\t src=\"https:\/\/kiddy.com\/app\/uploads\/2022\/09\/Wkladka-dla-noworodka-KIDDY-EVOLUNA-I-SIZE2-scaled-1920x0-c-default.webp 1x, https:\/\/kiddy.com\/app\/uploads\/2022\/09\/Wkladka-dla-noworodka-KIDDY-EVOLUNA-I-SIZE2-scaled-3840x0-c-default.webp\"\n\t\t\t\t\t\t alt=\"Modularer Einsatz f\u00fcr den Neugeborenen-Sitz KIDDY EVOLUNA I-SIZE 2\">\n\t\t\t\t<\/picture>\n\t\t\t<\/div>\n\t\t<\/div>\n\t<\/div>\n\n<\/section>\n\n\n\n<section id=\"\" class=\"specification acf-block acf-block-id-block_4d9f6b7bafe8e71f5369e6e4d72150cd  acf-block--mb acf-block--mt\">\n\n\t<div class=\"container\">\n\t\t\t\t\t<span class=\"specification__title-mobile\">Abmessungen des Sitzes<\/span>\n\t\t\t\t<div class=\"row\">\n\t\t\t<div class=\"col-12 col-xl-5 xs-no-padding\">\n\t\t\t\t\t\t\t\t\t<div class=\"specification__gallery\" data-gallery>\n\n\t\t\t\t\t\t<div class=\"swiper specification__gallery__main\" data-gallery-main>\n\t\t\t\t\t\t\t<div class=\"swiper-wrapper\">\n\t\t\t\t\t\t\t\t\t\t\t\t\t\t\t\t\t\t\t\t\t\t\t\t\t\t<div class=\"swiper-slide\">\n\n\t\t\t\t\t\t\t\t\t\t<div class=\"specification__gallery__main__item\">\n\t\t\t\t\t\t\t\t\t\t\t<picture>\n\t\t\t\t\t\t\t\t\t\t\t\t<source srcset=\"https:\/\/kiddy.com\/app\/uploads\/2022\/09\/fotelik-samochodowy-kiddy-evoluna-i-size2-wymiary-1.webp\" type=\"image\/webp\">\n\t\t\t\t\t\t\t\t\t\t\t\t<img decoding=\"async\" src=\"https:\/\/kiddy.com\/app\/uploads\/2022\/09\/fotelik-samochodowy-kiddy-evoluna-i-size2-wymiary-1.jpg\" width=\"2000\"\n\t\t\t\t\t\t\t\t\t\t\t\t\t height=\"2000\" alt=\"Kinderautositz EVOLUNA I-SIZE 2 Abmessungen vorne\"\/>\n\t\t\t\t\t\t\t\t\t\t\t<\/picture>\n\t\t\t\t\t\t\t\t\t\t<\/div>\n\t\t\t\t\t\t\t\t\t<\/div>\n\t\t\t\t\t\t\t\t\t\t\t\t\t\t\t\t\t\t\t\t\t\t\t\t\t\t<div class=\"swiper-slide\">\n\n\t\t\t\t\t\t\t\t\t\t<div class=\"specification__gallery__main__item\">\n\t\t\t\t\t\t\t\t\t\t\t<picture>\n\t\t\t\t\t\t\t\t\t\t\t\t<source srcset=\"https:\/\/kiddy.com\/app\/uploads\/2022\/09\/fotelik-samochodowy-kiddy-evoluna-i-size2-wymiary-2.webp\" type=\"image\/webp\">\n\t\t\t\t\t\t\t\t\t\t\t\t<img decoding=\"async\" src=\"https:\/\/kiddy.com\/app\/uploads\/2022\/09\/fotelik-samochodowy-kiddy-evoluna-i-size2-wymiary-2.jpg\" width=\"2000\"\n\t\t\t\t\t\t\t\t\t\t\t\t\t height=\"2000\" alt=\"Kiddy EVOLUNA I-SIZE2 schr\u00e4ggestellter Autositz Abmessungen\"\/>\n\t\t\t\t\t\t\t\t\t\t\t<\/picture>\n\t\t\t\t\t\t\t\t\t\t<\/div>\n\t\t\t\t\t\t\t\t\t<\/div>\n\t\t\t\t\t\t\t\t\t\t\t\t\t\t\t\t\t\t\t\t\t\t\t\t\t\t<div class=\"swiper-slide\">\n\n\t\t\t\t\t\t\t\t\t\t<div class=\"specification__gallery__main__item\">\n\t\t\t\t\t\t\t\t\t\t\t<picture>\n\t\t\t\t\t\t\t\t\t\t\t\t<source srcset=\"https:\/\/kiddy.com\/app\/uploads\/2022\/09\/fotelik-samochodowy-kiddy-evoluna-i-size2-wymiary-4.webp\" type=\"image\/webp\">\n\t\t\t\t\t\t\t\t\t\t\t\t<img decoding=\"async\" src=\"https:\/\/kiddy.com\/app\/uploads\/2022\/09\/fotelik-samochodowy-kiddy-evoluna-i-size2-wymiary-4.jpg\" width=\"2000\"\n\t\t\t\t\t\t\t\t\t\t\t\t\t height=\"2000\" alt=\"Autositz kiddy evoluna i-size2 seitliche Abmessungen\"\/>\n\t\t\t\t\t\t\t\t\t\t\t<\/picture>\n\t\t\t\t\t\t\t\t\t\t<\/div>\n\t\t\t\t\t\t\t\t\t<\/div>\n\t\t\t\t\t\t\t\t\t\t\t\t\t\t\t\t\t\t\t\t\t\t\t\t\t\t<div class=\"swiper-slide\">\n\n\t\t\t\t\t\t\t\t\t\t<div class=\"specification__gallery__main__item\">\n\t\t\t\t\t\t\t\t\t\t\t<picture>\n\t\t\t\t\t\t\t\t\t\t\t\t<source srcset=\"https:\/\/kiddy.com\/app\/uploads\/2022\/09\/fotelik-samochodowy-kiddy-evoluna-i-size2-wymiary-3.webp\" type=\"image\/webp\">\n\t\t\t\t\t\t\t\t\t\t\t\t<img decoding=\"async\" src=\"https:\/\/kiddy.com\/app\/uploads\/2022\/09\/fotelik-samochodowy-kiddy-evoluna-i-size2-wymiary-3.jpg\" width=\"2000\"\n\t\t\t\t\t\t\t\t\t\t\t\t\t height=\"2000\" alt=\"Kiddy EVOLUNA I-SIZE2 Autositz seitliche Abmessungen\"\/>\n\t\t\t\t\t\t\t\t\t\t\t<\/picture>\n\t\t\t\t\t\t\t\t\t\t<\/div>\n\t\t\t\t\t\t\t\t\t<\/div>\n\t\t\t\t\t\t\t\t\t\t\t\t\t\t\t\t\t\t\t\t\t\t\t\t\t\t<div class=\"swiper-slide\">\n\n\t\t\t\t\t\t\t\t\t\t<div class=\"specification__gallery__main__item\">\n\t\t\t\t\t\t\t\t\t\t\t<picture>\n\t\t\t\t\t\t\t\t\t\t\t\t<source srcset=\"https:\/\/kiddy.com\/app\/uploads\/2022\/09\/fotelik-samochodowy-kiddy-ISOFIX-BASE-wymiary.webp\" type=\"image\/webp\">\n\t\t\t\t\t\t\t\t\t\t\t\t<img decoding=\"async\" src=\"https:\/\/kiddy.com\/app\/uploads\/2022\/09\/fotelik-samochodowy-kiddy-ISOFIX-BASE-wymiary.jpg\" width=\"2000\"\n\t\t\t\t\t\t\t\t\t\t\t\t\t height=\"2000\" alt=\"Isofix BASE Abmessungen f\u00fcr Kiddy Kindersitze\"\/>\n\t\t\t\t\t\t\t\t\t\t\t<\/picture>\n\t\t\t\t\t\t\t\t\t\t<\/div>\n\t\t\t\t\t\t\t\t\t<\/div>\n\t\t\t\t\t\t\t\t\n\t\t\t\t\t\t\t<\/div>\n\t\t\t\t\t\t<\/div>\n\t\t\t\t\t\t<div class=\"specification__gallery__thumbnails-wrapper\" data-count=\"5\">\n\t\t\t\t\t\t\t<div thumbsSlider=\"\" class=\"swiper specification__gallery__thumbnails\" data-gallery-thumbnails>\n\t\t\t\t\t\t\t\t<div class=\"swiper-wrapper\">\n\t\t\t\t\t\t\t\t\t\n\t\t\t\t\t\t\t\t\t\t\t\t\t\t\t\t\t\t\t\t<div class=\"swiper-slide\">\n\n\t\t\t\t\t\t\t\t\t\t\t<div class=\"specification__gallery__thumbnails__item\">\n\n\t\t\t\t\t\t\t\t\t\t\t\t<picture>\n\t\t\t\t\t\t\t\t\t\t\t\t\t<source\n\t\t\t\t\t\t\t\t\t\t\t\t\t\tsrcset=\"https:\/\/kiddy.com\/app\/uploads\/2022\/09\/fotelik-samochodowy-kiddy-evoluna-i-size2-wymiary-1-150x150-c-default.webp 1x, https:\/\/kiddy.com\/app\/uploads\/2022\/09\/fotelik-samochodowy-kiddy-evoluna-i-size2-wymiary-1-300x300-c-default.webp 2x\"\n\t\t\t\t\t\t\t\t\t\t\t\t\t\ttype=\"image\/webp\">\n\t\t\t\t\t\t\t\t\t\t\t\t\t<img decoding=\"async\" src=\"https:\/\/kiddy.com\/app\/uploads\/2022\/09\/fotelik-samochodowy-kiddy-evoluna-i-size2-wymiary-1-150x150-c-default.jpg\"\n\t\t\t\t\t\t\t\t\t\t\t\t\t\t srcset=\"https:\/\/kiddy.com\/app\/uploads\/2022\/09\/fotelik-samochodowy-kiddy-evoluna-i-size2-wymiary-1-150x150-c-default.jpg 1x, https:\/\/kiddy.com\/app\/uploads\/2022\/09\/fotelik-samochodowy-kiddy-evoluna-i-size2-wymiary-1-300x300-c-default.jpg 2x\"\n\t\t\t\t\t\t\t\t\t\t\t\t\t\t width=\"2000\" height=\"2000\"\n\t\t\t\t\t\t\t\t\t\t\t\t\t\t alt=\"Kinderautositz EVOLUNA I-SIZE 2 Abmessungen vorne\"\/>\n\t\t\t\t\t\t\t\t\t\t\t\t<\/picture>\n\t\t\t\t\t\t\t\t\t\t\t<\/div>\n\t\t\t\t\t\t\t\t\t\t<\/div>\n\n\t\t\t\t\t\t\t\t\t\n\t\t\t\t\t\t\t\t\t\t\t\t\t\t\t\t\t\t\t\t<div class=\"swiper-slide\">\n\n\t\t\t\t\t\t\t\t\t\t\t<div class=\"specification__gallery__thumbnails__item\">\n\n\t\t\t\t\t\t\t\t\t\t\t\t<picture>\n\t\t\t\t\t\t\t\t\t\t\t\t\t<source\n\t\t\t\t\t\t\t\t\t\t\t\t\t\tsrcset=\"https:\/\/kiddy.com\/app\/uploads\/2022\/09\/fotelik-samochodowy-kiddy-evoluna-i-size2-wymiary-2-150x150-c-default.webp 1x, https:\/\/kiddy.com\/app\/uploads\/2022\/09\/fotelik-samochodowy-kiddy-evoluna-i-size2-wymiary-2-300x300-c-default.webp 2x\"\n\t\t\t\t\t\t\t\t\t\t\t\t\t\ttype=\"image\/webp\">\n\t\t\t\t\t\t\t\t\t\t\t\t\t<img decoding=\"async\" src=\"https:\/\/kiddy.com\/app\/uploads\/2022\/09\/fotelik-samochodowy-kiddy-evoluna-i-size2-wymiary-2-150x150-c-default.jpg\"\n\t\t\t\t\t\t\t\t\t\t\t\t\t\t srcset=\"https:\/\/kiddy.com\/app\/uploads\/2022\/09\/fotelik-samochodowy-kiddy-evoluna-i-size2-wymiary-2-150x150-c-default.jpg 1x, https:\/\/kiddy.com\/app\/uploads\/2022\/09\/fotelik-samochodowy-kiddy-evoluna-i-size2-wymiary-2-300x300-c-default.jpg 2x\"\n\t\t\t\t\t\t\t\t\t\t\t\t\t\t width=\"2000\" height=\"2000\"\n\t\t\t\t\t\t\t\t\t\t\t\t\t\t alt=\"Kiddy EVOLUNA I-SIZE2 schr\u00e4ggestellter Autositz Abmessungen\"\/>\n\t\t\t\t\t\t\t\t\t\t\t\t<\/picture>\n\t\t\t\t\t\t\t\t\t\t\t<\/div>\n\t\t\t\t\t\t\t\t\t\t<\/div>\n\n\t\t\t\t\t\t\t\t\t\n\t\t\t\t\t\t\t\t\t\t\t\t\t\t\t\t\t\t\t\t<div class=\"swiper-slide\">\n\n\t\t\t\t\t\t\t\t\t\t\t<div class=\"specification__gallery__thumbnails__item\">\n\n\t\t\t\t\t\t\t\t\t\t\t\t<picture>\n\t\t\t\t\t\t\t\t\t\t\t\t\t<source\n\t\t\t\t\t\t\t\t\t\t\t\t\t\tsrcset=\"https:\/\/kiddy.com\/app\/uploads\/2022\/09\/fotelik-samochodowy-kiddy-evoluna-i-size2-wymiary-4-150x150-c-default.webp 1x, https:\/\/kiddy.com\/app\/uploads\/2022\/09\/fotelik-samochodowy-kiddy-evoluna-i-size2-wymiary-4-300x300-c-default.webp 2x\"\n\t\t\t\t\t\t\t\t\t\t\t\t\t\ttype=\"image\/webp\">\n\t\t\t\t\t\t\t\t\t\t\t\t\t<img decoding=\"async\" src=\"https:\/\/kiddy.com\/app\/uploads\/2022\/09\/fotelik-samochodowy-kiddy-evoluna-i-size2-wymiary-4-150x150-c-default.jpg\"\n\t\t\t\t\t\t\t\t\t\t\t\t\t\t srcset=\"https:\/\/kiddy.com\/app\/uploads\/2022\/09\/fotelik-samochodowy-kiddy-evoluna-i-size2-wymiary-4-150x150-c-default.jpg 1x, https:\/\/kiddy.com\/app\/uploads\/2022\/09\/fotelik-samochodowy-kiddy-evoluna-i-size2-wymiary-4-300x300-c-default.jpg 2x\"\n\t\t\t\t\t\t\t\t\t\t\t\t\t\t width=\"2000\" height=\"2000\"\n\t\t\t\t\t\t\t\t\t\t\t\t\t\t alt=\"Autositz kiddy evoluna i-size2 seitliche Abmessungen\"\/>\n\t\t\t\t\t\t\t\t\t\t\t\t<\/picture>\n\t\t\t\t\t\t\t\t\t\t\t<\/div>\n\t\t\t\t\t\t\t\t\t\t<\/div>\n\n\t\t\t\t\t\t\t\t\t\n\t\t\t\t\t\t\t\t\t\t\t\t\t\t\t\t\t\t\t\t<div class=\"swiper-slide\">\n\n\t\t\t\t\t\t\t\t\t\t\t<div class=\"specification__gallery__thumbnails__item\">\n\n\t\t\t\t\t\t\t\t\t\t\t\t<picture>\n\t\t\t\t\t\t\t\t\t\t\t\t\t<source\n\t\t\t\t\t\t\t\t\t\t\t\t\t\tsrcset=\"https:\/\/kiddy.com\/app\/uploads\/2022\/09\/fotelik-samochodowy-kiddy-evoluna-i-size2-wymiary-3-150x150-c-default.webp 1x, https:\/\/kiddy.com\/app\/uploads\/2022\/09\/fotelik-samochodowy-kiddy-evoluna-i-size2-wymiary-3-300x300-c-default.webp 2x\"\n\t\t\t\t\t\t\t\t\t\t\t\t\t\ttype=\"image\/webp\">\n\t\t\t\t\t\t\t\t\t\t\t\t\t<img decoding=\"async\" src=\"https:\/\/kiddy.com\/app\/uploads\/2022\/09\/fotelik-samochodowy-kiddy-evoluna-i-size2-wymiary-3-150x150-c-default.jpg\"\n\t\t\t\t\t\t\t\t\t\t\t\t\t\t srcset=\"https:\/\/kiddy.com\/app\/uploads\/2022\/09\/fotelik-samochodowy-kiddy-evoluna-i-size2-wymiary-3-150x150-c-default.jpg 1x, https:\/\/kiddy.com\/app\/uploads\/2022\/09\/fotelik-samochodowy-kiddy-evoluna-i-size2-wymiary-3-300x300-c-default.jpg 2x\"\n\t\t\t\t\t\t\t\t\t\t\t\t\t\t width=\"2000\" height=\"2000\"\n\t\t\t\t\t\t\t\t\t\t\t\t\t\t alt=\"Kiddy EVOLUNA I-SIZE2 Autositz seitliche Abmessungen\"\/>\n\t\t\t\t\t\t\t\t\t\t\t\t<\/picture>\n\t\t\t\t\t\t\t\t\t\t\t<\/div>\n\t\t\t\t\t\t\t\t\t\t<\/div>\n\n\t\t\t\t\t\t\t\t\t\n\t\t\t\t\t\t\t\t\t\t\t\t\t\t\t\t\t\t\t\t<div class=\"swiper-slide\">\n\n\t\t\t\t\t\t\t\t\t\t\t<div class=\"specification__gallery__thumbnails__item\">\n\n\t\t\t\t\t\t\t\t\t\t\t\t<picture>\n\t\t\t\t\t\t\t\t\t\t\t\t\t<source\n\t\t\t\t\t\t\t\t\t\t\t\t\t\tsrcset=\"https:\/\/kiddy.com\/app\/uploads\/2022\/09\/fotelik-samochodowy-kiddy-ISOFIX-BASE-wymiary-150x150-c-default.webp 1x, https:\/\/kiddy.com\/app\/uploads\/2022\/09\/fotelik-samochodowy-kiddy-ISOFIX-BASE-wymiary-300x300-c-default.webp 2x\"\n\t\t\t\t\t\t\t\t\t\t\t\t\t\ttype=\"image\/webp\">\n\t\t\t\t\t\t\t\t\t\t\t\t\t<img decoding=\"async\" src=\"https:\/\/kiddy.com\/app\/uploads\/2022\/09\/fotelik-samochodowy-kiddy-ISOFIX-BASE-wymiary-150x150-c-default.jpg\"\n\t\t\t\t\t\t\t\t\t\t\t\t\t\t srcset=\"https:\/\/kiddy.com\/app\/uploads\/2022\/09\/fotelik-samochodowy-kiddy-ISOFIX-BASE-wymiary-150x150-c-default.jpg 1x, https:\/\/kiddy.com\/app\/uploads\/2022\/09\/fotelik-samochodowy-kiddy-ISOFIX-BASE-wymiary-300x300-c-default.jpg 2x\"\n\t\t\t\t\t\t\t\t\t\t\t\t\t\t width=\"2000\" height=\"2000\"\n\t\t\t\t\t\t\t\t\t\t\t\t\t\t alt=\"Isofix BASE Abmessungen f\u00fcr Kiddy Kindersitze\"\/>\n\t\t\t\t\t\t\t\t\t\t\t\t<\/picture>\n\t\t\t\t\t\t\t\t\t\t\t<\/div>\n\t\t\t\t\t\t\t\t\t\t<\/div>\n\n\t\t\t\t\t\t\t\t\t\t\t\t\t\t\t\t\t<\/div>\n\n\t\t\t\t\t\t\t<\/div>\n\t\t\t\t\t\t\t<button aria-label=\"Poprzedni\" class=\"specification__gallery__thumbnails__nav specification__gallery__thumbnails__nav--prev\">\n\t\t\t\t\t\t\t\t<svg width=\"25\" height=\"16\" viewBox=\"0 0 25 16\" fill=\"none\" xmlns=\"http:\/\/www.w3.org\/2000\/svg\">\n<path d=\"M0.292892 7.29289C-0.0976315 7.68342 -0.0976315 8.31658 0.292892 8.70711L6.65685 15.0711C7.04738 15.4616 7.68054 15.4616 8.07107 15.0711C8.46159 14.6805 8.46159 14.0474 8.07107 13.6569L2.41421 8L8.07107 2.34315C8.46159 1.95262 8.46159 1.31946 8.07107 0.928932C7.68054 0.538408 7.04738 0.538408 6.65685 0.928932L0.292892 7.29289ZM25 7L1 7V9L25 9V7Z\" fill=\"black\"\/>\n<\/svg>\n\n\t\t\t\t\t\t\t<\/button>\n\t\t\t\t\t\t\t<button aria-label=\"Nast\u0119pny\" class=\"specification__gallery__thumbnails__nav specification__gallery__thumbnails__nav--next\">\n\t\t\t\t\t\t\t\t<svg width=\"25\" height=\"16\" viewBox=\"0 0 25 16\" fill=\"none\" xmlns=\"http:\/\/www.w3.org\/2000\/svg\">\n<path d=\"M0.292892 7.29289C-0.0976315 7.68342 -0.0976315 8.31658 0.292892 8.70711L6.65685 15.0711C7.04738 15.4616 7.68054 15.4616 8.07107 15.0711C8.46159 14.6805 8.46159 14.0474 8.07107 13.6569L2.41421 8L8.07107 2.34315C8.46159 1.95262 8.46159 1.31946 8.07107 0.928932C7.68054 0.538408 7.04738 0.538408 6.65685 0.928932L0.292892 7.29289ZM25 7L1 7V9L25 9V7Z\" fill=\"black\"\/>\n<\/svg>\n\n\t\t\t\t\t\t\t<\/button>\n\t\t\t\t\t\t<\/div>\n\n\t\t\t\t\t<\/div>\n\t\t\t\t\t\t\t<\/div>\n\n\t\t\t<div class=\"col-12 col-xl-7\">\n\t\t\t\t<div class=\"specification__content\">\n\t\t\t\t\t\t\t\t\t\t\t<h2 class=\"specification__title\">Technische Spezifikation<\/h2>\n\t\t\t\t\t\t\t\t\t\t\t\t\t\t\t\t<div class=\"specification__items\">\n\t\t\t\t\t\t\t\t\t\t\t\t\t\t\t<div class=\"specification__item\" data-accordion>\n\t\t\t\t\t\t\t\t\t<button class=\"specification__item__header\" data-accordion-header>Allgemeine Informationen<\/button>\n\t\t\t\t\t\t\t\t\t<div class=\"specification__item__body\" data-accordion-body>\n\t\t\t\t\t\t\t\t\t\t\t\t\t\t\t\t\t\t\t\t\t<dl class=\"specification__item__row\">\n\t\t\t\t\t\t\t\t\t\t\t\t<dt class=\"specification__item__row__label\">Ungef\u00e4hre Gr\u00f6\u00dfe des Kindes<\/dt>\n\t\t\t\t\t\t\t\t\t\t\t\t<dd class=\"specification__item__row__value\">45-83 cm<\/dd>\n\t\t\t\t\t\t\t\t\t\t\t<\/dl>\n\t\t\t\t\t\t\t\t\t\t\t\t\t\t\t\t\t\t\t\t\t<dl class=\"specification__item__row\">\n\t\t\t\t\t\t\t\t\t\t\t\t<dt class=\"specification__item__row__label\">Ungef\u00e4hres Alter des Kindes<\/dt>\n\t\t\t\t\t\t\t\t\t\t\t\t<dd class=\"specification__item__row__value\">0-15 Monate<\/dd>\n\t\t\t\t\t\t\t\t\t\t\t<\/dl>\n\t\t\t\t\t\t\t\t\t\t\t\t\t\t\t\t\t\t\t\t\t<dl class=\"specification__item__row\">\n\t\t\t\t\t\t\t\t\t\t\t\t<dt class=\"specification__item__row__label\">Gurtverstellung<\/dt>\n\t\t\t\t\t\t\t\t\t\t\t\t<dd class=\"specification__item__row__value\">Ja (5 Positionen)<\/dd>\n\t\t\t\t\t\t\t\t\t\t\t<\/dl>\n\t\t\t\t\t\t\t\t\t\t\t\t\t\t\t\t\t\t\t\t\t<dl class=\"specification__item__row\">\n\t\t\t\t\t\t\t\t\t\t\t\t<dt class=\"specification__item__row__label\">Einstellbare Breite<\/dt>\n\t\t\t\t\t\t\t\t\t\t\t\t<dd class=\"specification__item__row__value\">Nein<\/dd>\n\t\t\t\t\t\t\t\t\t\t\t<\/dl>\n\t\t\t\t\t\t\t\t\t\t\t\t\t\t\t\t\t\t\t\t\t<dl class=\"specification__item__row\">\n\t\t\t\t\t\t\t\t\t\t\t\t<dt class=\"specification__item__row__label\">Einstellung der R\u00fcckenlehne<\/dt>\n\t\t\t\t\t\t\t\t\t\t\t\t<dd class=\"specification__item__row__value\">Ja (Liegeposition)<\/dd>\n\t\t\t\t\t\t\t\t\t\t\t<\/dl>\n\t\t\t\t\t\t\t\t\t\t\t\t\t\t\t\t\t\t\t\t\t<dl class=\"specification__item__row\">\n\t\t\t\t\t\t\t\t\t\t\t\t<dt class=\"specification__item__row__label\">Montageart<\/dt>\n\t\t\t\t\t\t\t\t\t\t\t\t<dd class=\"specification__item__row__value\">Entgegen der Fahrtrichtung (RWF)<\/dd>\n\t\t\t\t\t\t\t\t\t\t\t<\/dl>\n\t\t\t\t\t\t\t\t\t\t\t\t\t\t\t\t\t\t\t\t\t<dl class=\"specification__item__row\">\n\t\t\t\t\t\t\t\t\t\t\t\t<dt class=\"specification__item__row__label\">Montageart<\/dt>\n\t\t\t\t\t\t\t\t\t\t\t\t<dd class=\"specification__item__row__value\">ISOFIX Basis 2 <\/dd>\n\t\t\t\t\t\t\t\t\t\t\t<\/dl>\n\t\t\t\t\t\t\t\t\t\t\t\t\t\t\t\t\t\t\t\t\t<dl class=\"specification__item__row\">\n\t\t\t\t\t\t\t\t\t\t\t\t<dt class=\"specification__item__row__label\">Entgegen der Fahrtrichtung<\/dt>\n\t\t\t\t\t\t\t\t\t\t\t\t<dd class=\"specification__item__row__value\">Ja (von 45 cm bis 83 cm)<\/dd>\n\t\t\t\t\t\t\t\t\t\t\t<\/dl>\n\t\t\t\t\t\t\t\t\t\t\t\t\t\t\t\t\t\t\t<\/div>\n\t\t\t\t\t\t\t\t<\/div>\n\t\t\t\t\t\t\t\t\t\t\t\t\t\t\t<div class=\"specification__item\" data-accordion>\n\t\t\t\t\t\t\t\t\t<button class=\"specification__item__header\" data-accordion-header>Abmessungen und Gewicht<\/button>\n\t\t\t\t\t\t\t\t\t<div class=\"specification__item__body\" data-accordion-body>\n\t\t\t\t\t\t\t\t\t\t\t\t\t\t\t\t\t\t\t\t\t<dl class=\"specification__item__row\">\n\t\t\t\t\t\t\t\t\t\t\t\t<dt class=\"specification__item__row__label\">H\u00f6he (mit Griff)<\/dt>\n\t\t\t\t\t\t\t\t\t\t\t\t<dd class=\"specification__item__row__value\">58 cm<\/dd>\n\t\t\t\t\t\t\t\t\t\t\t<\/dl>\n\t\t\t\t\t\t\t\t\t\t\t\t\t\t\t\t\t\t\t\t\t<dl class=\"specification__item__row\">\n\t\t\t\t\t\t\t\t\t\t\t\t<dt class=\"specification__item__row__label\">L\u00e4nge<\/dt>\n\t\t\t\t\t\t\t\t\t\t\t\t<dd class=\"specification__item__row__value\">68 cm<\/dd>\n\t\t\t\t\t\t\t\t\t\t\t<\/dl>\n\t\t\t\t\t\t\t\t\t\t\t\t\t\t\t\t\t\t\t\t\t<dl class=\"specification__item__row\">\n\t\t\t\t\t\t\t\t\t\t\t\t<dt class=\"specification__item__row__label\">Breite<\/dt>\n\t\t\t\t\t\t\t\t\t\t\t\t<dd class=\"specification__item__row__value\">44 cm (mit Sicherheitsb\u00fcgel 50cm)<\/dd>\n\t\t\t\t\t\t\t\t\t\t\t<\/dl>\n\t\t\t\t\t\t\t\t\t\t\t\t\t\t\t\t\t\t\t\t\t<dl class=\"specification__item__row\">\n\t\t\t\t\t\t\t\t\t\t\t\t<dt class=\"specification__item__row__label\">Innenma\u00dfe R\u00fcckenlehne<\/dt>\n\t\t\t\t\t\t\t\t\t\t\t\t<dd class=\"specification__item__row__value\">20&#215;41 cm (Breite x H\u00f6he bis Kissen)<\/dd>\n\t\t\t\t\t\t\t\t\t\t\t<\/dl>\n\t\t\t\t\t\t\t\t\t\t\t\t\t\t\t\t\t\t\t\t\t<dl class=\"specification__item__row\">\n\t\t\t\t\t\t\t\t\t\t\t\t<dt class=\"specification__item__row__label\">Innenma\u00dfe des Sitzes<\/dt>\n\t\t\t\t\t\t\t\t\t\t\t\t<dd class=\"specification__item__row__value\">26 x 34 cm (Breite x Tiefe)<\/dd>\n\t\t\t\t\t\t\t\t\t\t\t<\/dl>\n\t\t\t\t\t\t\t\t\t\t\t\t\t\t\t\t\t\t\t\t\t<dl class=\"specification__item__row\">\n\t\t\t\t\t\t\t\t\t\t\t\t<dt class=\"specification__item__row__label\">Liegeposition<\/dt>\n\t\t\t\t\t\t\t\t\t\t\t\t<dd class=\"specification__item__row__value\">79&#215;39 cm (Lange x H\u00f6he)<\/dd>\n\t\t\t\t\t\t\t\t\t\t\t<\/dl>\n\t\t\t\t\t\t\t\t\t\t\t\t\t\t\t\t\t\t\t\t\t<dl class=\"specification__item__row\">\n\t\t\t\t\t\t\t\t\t\t\t\t<dt class=\"specification__item__row__label\">Ma\u00dfe der Isofix Base 2<\/dt>\n\t\t\t\t\t\t\t\t\t\t\t\t<dd class=\"specification__item__row__value\">H\u00f6he: 18 cm<br \/>\r\nBreite: 32 cm<br \/>\r\nL\u00e4nge: 67cm<\/dd>\n\t\t\t\t\t\t\t\t\t\t\t<\/dl>\n\t\t\t\t\t\t\t\t\t\t\t\t\t\t\t\t\t\t\t\t\t<dl class=\"specification__item__row\">\n\t\t\t\t\t\t\t\t\t\t\t\t<dt class=\"specification__item__row__label\">Anzal der Stellen<\/dt>\n\t\t\t\t\t\t\t\t\t\t\t\t<dd class=\"specification__item__row__value\">Horizontal: 10 Positionen<br \/>\r\nVertikal: 17 Positionen<\/dd>\n\t\t\t\t\t\t\t\t\t\t\t<\/dl>\n\t\t\t\t\t\t\t\t\t\t\t\t\t\t\t\t\t\t\t\t\t<dl class=\"specification__item__row\">\n\t\t\t\t\t\t\t\t\t\t\t\t<dt class=\"specification__item__row__label\">Andere Abmessungen des Kindersitzes:<\/dt>\n\t\t\t\t\t\t\t\t\t\t\t\t<dd class=\"specification__item__row__value\">R\u00fcckenl\u00e4nge: 47 cm<br \/>\r\nSitzl\u00e4nge: 34cm<br \/>\r\nBreite im Schulterbereich: 20 (mit Einsatz) 27 cm (ohne Einsatz)<br \/>\r\nBreite im H\u00fcftbereich: 26c<\/dd>\n\t\t\t\t\t\t\t\t\t\t\t<\/dl>\n\t\t\t\t\t\t\t\t\t\t\t\t\t\t\t\t\t\t\t\t\t<dl class=\"specification__item__row\">\n\t\t\t\t\t\t\t\t\t\t\t\t<dt class=\"specification__item__row__label\">Winkel des Sitzes<\/dt>\n\t\t\t\t\t\t\t\t\t\t\t\t<dd class=\"specification__item__row__value\">108\u00b0 (sitzende Position)<br \/>\r\n130\u00b0 (zur\u00fcckgelehnte Position)<\/dd>\n\t\t\t\t\t\t\t\t\t\t\t<\/dl>\n\t\t\t\t\t\t\t\t\t\t\t\t\t\t\t\t\t\t\t\t\t<dl class=\"specification__item__row\">\n\t\t\t\t\t\t\t\t\t\t\t\t<dt class=\"specification__item__row__label\">Gewicht<\/dt>\n\t\t\t\t\t\t\t\t\t\t\t\t<dd class=\"specification__item__row__value\">Insgesamt: 10,9 kg<br \/>\r\nKindersitz: 4.9 kg<br \/>\r\nIsofix Base 2: 6,0 kg<\/dd>\n\t\t\t\t\t\t\t\t\t\t\t<\/dl>\n\t\t\t\t\t\t\t\t\t\t\t\t\t\t\t\t\t\t\t<\/div>\n\t\t\t\t\t\t\t\t<\/div>\n\t\t\t\t\t\t\t\t\t\t\t\t\t\t\t<div class=\"specification__item\" data-accordion>\n\t\t\t\t\t\t\t\t\t<button class=\"specification__item__header\" data-accordion-header>Zertifizierungen und Pr\u00fcfungen<\/button>\n\t\t\t\t\t\t\t\t\t<div class=\"specification__item__body\" data-accordion-body>\n\t\t\t\t\t\t\t\t\t\t\t\t\t\t\t\t\t\t\t\t\t<dl class=\"specification__item__row\">\n\t\t\t\t\t\t\t\t\t\t\t\t<dt class=\"specification__item__row__label\">ADAC Bewertung<\/dt>\n\t\t\t\t\t\t\t\t\t\t\t\t<dd class=\"specification__item__row__value\">Gut (1,7)<\/dd>\n\t\t\t\t\t\t\t\t\t\t\t<\/dl>\n\t\t\t\t\t\t\t\t\t\t\t\t\t\t\t\t\t\t\t\t\t<dl class=\"specification__item__row\">\n\t\t\t\t\t\t\t\t\t\t\t\t<dt class=\"specification__item__row__label\">\u00d6AMTC-Bewertung<\/dt>\n\t\t\t\t\t\t\t\t\t\t\t\t<dd class=\"specification__item__row__value\">Gut<\/dd>\n\t\t\t\t\t\t\t\t\t\t\t<\/dl>\n\t\t\t\t\t\t\t\t\t\t\t\t\t\t\t\t\t\t\t\t\t<dl class=\"specification__item__row\">\n\t\t\t\t\t\t\t\t\t\t\t\t<dt class=\"specification__item__row__label\">TCS-Bewertung<\/dt>\n\t\t\t\t\t\t\t\t\t\t\t\t<dd class=\"specification__item__row__value\">Sehr empfehlenswert<\/dd>\n\t\t\t\t\t\t\t\t\t\t\t<\/dl>\n\t\t\t\t\t\t\t\t\t\t\t\t\t\t\t\t\t\t\t\t\t<dl class=\"specification__item__row\">\n\t\t\t\t\t\t\t\t\t\t\t\t<dt class=\"specification__item__row__label\"> i-Size-Homologation<\/dt>\n\t\t\t\t\t\t\t\t\t\t\t\t<dd class=\"specification__item__row__value\">Ja<\/dd>\n\t\t\t\t\t\t\t\t\t\t\t<\/dl>\n\t\t\t\t\t\t\t\t\t\t\t\t\t\t\t\t\t\t\t<\/div>\n\t\t\t\t\t\t\t\t<\/div>\n\t\t\t\t\t\t\t\t\t\t\t\t\t\t\t<div class=\"specification__item\" data-accordion>\n\t\t\t\t\t\t\t\t\t<button class=\"specification__item__header\" data-accordion-header>Zus\u00e4tzliche Informationen<\/button>\n\t\t\t\t\t\t\t\t\t<div class=\"specification__item__body\" data-accordion-body>\n\t\t\t\t\t\t\t\t\t\t\t\t\t\t\t\t\t\t\t\t\t<dl class=\"specification__item__row\">\n\t\t\t\t\t\t\t\t\t\t\t\t<dt class=\"specification__item__row__label\">Bezug zum Waschen abnehmbar<\/dt>\n\t\t\t\t\t\t\t\t\t\t\t\t<dd class=\"specification__item__row__value\">Ja<\/dd>\n\t\t\t\t\t\t\t\t\t\t\t<\/dl>\n\t\t\t\t\t\t\t\t\t\t\t\t\t\t\t\t\t\t\t\t\t<dl class=\"specification__item__row\">\n\t\t\t\t\t\t\t\t\t\t\t\t<dt class=\"specification__item__row__label\">Indikator f\u00fcr korrekten Montage<\/dt>\n\t\t\t\t\t\t\t\t\t\t\t\t<dd class=\"specification__item__row__value\">Ja<\/dd>\n\t\t\t\t\t\t\t\t\t\t\t<\/dl>\n\t\t\t\t\t\t\t\t\t\t\t\t\t\t\t\t\t\t\t\t\t<dl class=\"specification__item__row\">\n\t\t\t\t\t\t\t\t\t\t\t\t<dt class=\"specification__item__row__label\">UPF80+-Filter<\/dt>\n\t\t\t\t\t\t\t\t\t\t\t\t<dd class=\"specification__item__row__value\">Ja<\/dd>\n\t\t\t\t\t\t\t\t\t\t\t<\/dl>\n\t\t\t\t\t\t\t\t\t\t\t\t\t\t\t\t\t\t\t<\/div>\n\t\t\t\t\t\t\t\t<\/div>\n\t\t\t\t\t\t\t\t\t\t\t\t\t<\/div>\n\t\t\t\t\t\t\t\t\t<\/div>\n\n\t\t\t<\/div>\n\t\t<\/div>\n\t<\/div>\n\n<\/section>\n\n\n\n<section id=\"\" class=\"guide acf-block acf-block-id-block_a84bbd6412f3f2c4541b0c32cf9ce6e3  acf-block--mb acf-block--mt\">\n\n\t<div class=\"container\">\n\t\t<div class=\"row guide__row\">\n\t\t\t<div class=\"col-12 col-md-6 xs-no-padding\">\n\t\t\t\t\t\t\t\t<div class=\"guide__video-wrapper\" data-video-wrapper>\n\t\t\t\t\t<video class=\"guide__video\" controls data-video>\n\t\t\t\t\t\t<source src=\"https:\/\/kiddy.com\/app\/uploads\/2022\/09\/Autositz-KIDDY-Manual-EVOLUNA-ISIZE-DE.mp4\" type=\"video\/mp4\">\n\t\t\t\t\t\tYour browser does not support the video tag.\n\t\t\t\t\t<\/video>\n\t\t\t\t\t<div class=\"guide__video__cover\">\n\t\t\t\t\t\t\t\t\t\t\t\t\t\t\t\t\t\t\t\t<picture class=\"guide__video__cover__picture\">\n\t\t\t\t\t\t\t\t<source srcset=\"https:\/\/kiddy.com\/app\/uploads\/2022\/09\/Autositz-EVOLUNA-isize2-MANUAL-DE.webp\">\n\t\t\t\t\t\t\t\t<img decoding=\"async\" class=\"guide__video__cover__img\" src=\"https:\/\/kiddy.com\/app\/uploads\/2022\/09\/Autositz-EVOLUNA-isize2-MANUAL-DE.jpg\" alt=\"Kiddy EVOLUNA I-SIZE 2 Gebrauchsanweisung video\">\n\t\t\t\t\t\t\t<\/picture>\n\t\t\t\t\t\t\t\t\t\t\t\t<button class=\"guide__video__play\" data-video-play>\n\t\t\t\t\t\t\t<svg width=\"38\" height=\"44\" viewBox=\"0 0 38 44\" fill=\"none\" xmlns=\"http:\/\/www.w3.org\/2000\/svg\">\n<path d=\"M35.898 25.5425L6.32806 42.5115C3.67349 43.99 0.330078 42.0915 0.330078 38.9833V4.03708C0.330078 0.945686 3.65669 -0.969636 6.32806 0.508859L35.898 18.486C38.6533 20.0317 38.6533 24.0136 35.898 25.5425Z\" fill=\"black\" fill-opacity=\"0.8\"\/>\n<\/svg>\n\n\t\t\t\t\t\t<\/button>\n\t\t\t\t\t<\/div>\n\t\t\t\t<\/div>\n\t\t\t\t\t\t\t<\/div>\n\t\t\t<div class=\"col-12 col-md-6\">\n\t\t\t\t<div class=\"guide__content\">\n\t\t\t\t\t\t\t\t\t\t\t<h2 class=\"guide__title\">Benutzerhandbuch<\/h2>\n\t\t\t\t\t\t\t\t\t\t\t\t\t\t\t\t<p class=\"guide__description\">Sehen Sie sich unser Anleitungsvideo an und entdecken Sie die richtige Einbaumethode und die wichtigsten Funktionen des Kiddy Evoluna i-Size 2 Sitzes.<\/p>\n\t\t\t\t\t\t\t\t\t\t\t\t\t\t\t\t<a href=\"https:\/\/kiddy.com\/app\/uploads\/2022\/07\/Kiddy-EVOLUNA-I-SIZE-2-NL-PL-RO-RU-SK-AR-manual.pdf\" class=\"button button--black button--download\" download>Gebrauchsanweisung (PDF)<\/a>\n\t\t\t\t\t\t\t\t\t<\/div>\n\n\t\t\t<\/div>\n\t\t<\/div>\n\t<\/div>\n\n<\/section>\n\n\n\n<section id=\"\" class=\"programs acf-block acf-block-id-block_1b705baba2c160bccbb5af1e8bdbdf37 programs--p0 acf-block--mb acf-block--mt\">\n\t<div class=\"container\">\n\t\t<div class=\"row\">\n\t\t\t<div class=\"col-12\">\n\t\t\t\t<h2 class=\"programs__title\">Umfassende Unterst\u00fctzung<\/h2>\n\t\t\t<\/div>\n\t\t<\/div>\n\n\t\t<div class=\"row\">\n\t\t\t<div class=\"col-12 col-lg-6\">\n\t\t\t\t<div class=\"program\">\n\t\t\t\t\t<div class=\"program__top\">\n\t\t\t\t\t\t<div class=\"program__logo program__logo--left\">\n\t\t\t\t\t\t\t<img decoding=\"async\" src=\"https:\/\/kiddy.com\/app\/uploads\/2022\/08\/Safe-Car-Seat-Logo-1.svg\" alt=\"\">\n\t\t\t\t\t\t<\/div>\n\n\t\t\t\t\t\t<h3 class=\"program__title\">Ersatzsitz<\/h3>\n\t\t\t\t\t\t<div class=\"program__description\"><p>Die Sicherheit der kleinsten Passagiere hat bei Kiddy absolute Priorit\u00e4t. Deshalb nehmen Sie mit dem Kauf unseres Produktes automatisch am Safe Car Seat Program teil und erhalten die M\u00f6glichkeit, Ihren Sitz nach einem Unfall kostenlos gegen einen neuen auszutauschen.<\/p>\n<\/div>\n\t\t\t\t\t<\/div>\n\n\t\t\t\t\t\t\t\t\t\t\t<a href=\"https:\/\/kiddy.com\/de\/sicherer-sitz\/#bezpieczny-fotelik\" class=\"button button--black button--arrow button--long\" target=\"_blank\">Tauschen Sie Ihren Sitz gegen einen neuen ein<\/a>\n\t\t\t\t\t\t\t\t\t<\/div>\n\t\t\t<\/div>\n\n\t\t\t<div class=\"col-12 col-lg-6\">\n\t\t\t\t<div class=\"program\">\n\t\t\t\t\t<div class=\"program__top\">\n\t\t\t\t\t\t<div class=\"program__logo program__logo--right\">\n\t\t\t\t\t\t\t<img decoding=\"async\" src=\"https:\/\/kiddy.com\/app\/uploads\/2022\/08\/10-jahre-garantie.svg\" alt=\"\">\n\t\t\t\t\t\t<\/div>\n\n\t\t\t\t\t\t<h3 class=\"program__title\">Erweiterte Garantie<\/h3>\n\t\t\t\t\t\t<div class=\"program__description\"><p>Als Antwort auf die Bed\u00fcrfnisse und Anforderungen unserer Kunden bieten wir Ihnen die M\u00f6glichkeit, ein erweitertes Garantiepaket in Anspruch zu nehmen, das einen Zeitraum von 10 Jahren abdeckt und Ihnen das Recht gibt, ein defektes Teil des Sitzes kostenlos ersetzen oder reparieren zu lassen.<\/p>\n<\/div>\n\t\t\t\t\t<\/div>\n\n\t\t\t\t\t\t\t\t\t\t\t<a href=\"https:\/\/kiddy.com\/de\/10-jahre-garantie\/\" class=\"button button--black button--arrow button--long\" target=\"_blank\">Verl\u00e4ngern Sie Ihre Garantie<\/a>\n\t\t\t\t\t\t\t\t\t<\/div>\n\t\t\t<\/div>\n\t\t<\/div>\n\t<\/div>\n<\/section>\n\n\n\n\n\n\n        <div class=\"BkGoogleMapBlock\" id=\"map\">\n        <div class=\"container\">\n                            <h2 class=\"BkGoogleMapBlock__title\">Kiddy-Produkte online kaufen bei unseren Partnern<\/h2>\n                                    <div class=\"BkGoogleMapBlock__button-wrapper\">\n                <a class=\"BkGoogleMapBlock__button button button--black\" href=\"#block_cddb167b72fe99d53c49db523e315291\">Einen Shop finden<\/a>\n            <\/div>\n                    <\/div>\n        <div id=\"block_cddb167b72fe99d53c49db523e315291\" data-BkGoogleMap\n             data-BkGoogleMap-apiKey=\"AIzaSyCQ16T3uRBAUVyyaG7xAtkqWiix9JpRwZQ\"\n             data-BkGoogleMap-endpoint=\"https:\/\/kiddy.com\/de\/wp-json\/bk_google_map\/v1\/search\/query\"\n        ><\/div>\n    <\/div>\n\n    \n\n<section id=\"\" class=\"description acf-block acf-block-id-block_d10f13c8298772a8d251b3ef090b60f7  acf-block--mb acf-block--mt\">\n\n\t\t<div class=\"container\">\n\t\t\t<div class=\"row\">\n\t\t\t\t<div class=\"col-12 col-lg-8 offset-lg-2\">\n\t\t\t\t\t<div class=\"description__wrapper\">\n\t\t\t\t\t\t\t\t\t\t\t\t\t\t\t\t\t\t\t\t\t\t\t\t\t<div class=\"description__txt\"><p>Der Kiddy Evoluna i-Size 2 ist ein verstellbarer Autositz, der die empfindlichen Teile des K\u00f6rpers Ihres Kindes sch\u00fctzt und ihm w\u00e4hrend der Fahrt maximalen Komfort bietet. Das Produkt ist r\u00fcckw\u00e4rtsgerichtet (RWF), hat die f\u00fcr die Automobilindustrie relevante ADAC-Zertifizierung und erf\u00fcllt zudem die i-Size-Norm (ECE-R129). Er wurde f\u00fcr Kinder bis zu einem Alter von 15 Monaten und einem Gewicht von bis zu 13 kg entwickelt und bietet dank der einzigartigen Lie Flat-Funktion, mit der der Sitz in eine f\u00fcr den kleinen Passagier ges\u00fcndere Liegeposition gebracht werden kann, einen hohen Reisekomfort. Die Verwendung von EPO (expandierte Polyolefinelemente) erh\u00f6ht wiederum den Schutz des Kindes vor den Auswirkungen eines Seitenaufpralls. Der technologisch fortschrittliche Rippenrahmen absorbiert bei einem Aufprall die Aufprallenergie, w\u00e4hrend spezielle Sto\u00dfstangen die Wirksamkeit des Seitenschutzes maximieren. F\u00fcr die Montage des Sitzes wird die Kiddy Isofix Base 2 ben\u00f6tigt, die im Lieferumfang enthalten ist.<\/p>\n<p>Dar\u00fcber hinaus verf\u00fcgt der Sitz \u00fcber eine Travel System-Funktion, mit der der Autositz auf dem Kinderwagengestell vieler verschiedener Marken verwendet werden kann. Aber das Travel System ist nicht alles! Der Kiddy Evoluna i-Size 2 ist auch unglaublich funktionell dank des bequemen Griffs und des sonnensicheren, breiten Verdecks und des Sonnendachs. Es ist daher die ideale Wahl f\u00fcr Familien, die nach den besten, sichersten und umfassendsten L\u00f6sungen auf dem Markt suchen &#8211; und zwar sowohl f\u00fcr die Nutzung im Auto als auch au\u00dferhalb des Autos. &#8220;<\/p>\n<\/div>\n\t\t\t\t\t\t\t\t\t\t\t<\/div>\n\t\t\t\t<\/div>\n\t\t\t<\/div>\n\t\t<\/div>\n\n<\/section>\n","protected":false},"excerpt":{"rendered":"","protected":false},"featured_media":253,"template":"","class_list":["post-1795","products","type-products","status-publish","has-post-thumbnail","hentry"],"acf":[],"yoast_head":"<!-- This site is optimized with the Yoast SEO plugin v27.4 - https:\/\/yoast.com\/product\/yoast-seo-wordpress\/ -->\n<title>Kindersitz EVOLUNA I-SIZE 2 - Kiddy<\/title>\n<meta name=\"description\" content=\"Kindersitz 0-13 kg \u2606 ADAC \u2606 Norm i-Size 2 \u2606 Liegeposition im Auto Lie-Flat \u2606 0-15 Monate \u2606 45-83 cm \u2606 RWF-Autositz\" \/>\n<meta name=\"robots\" content=\"index, follow, max-snippet:-1, max-image-preview:large, max-video-preview:-1\" \/>\n<link rel=\"canonical\" href=\"https:\/\/kiddy.com\/de\/produkte\/evoluna-i-size-2\/\" \/>\n<meta property=\"og:locale\" content=\"de_DE\" \/>\n<meta property=\"og:type\" content=\"article\" \/>\n<meta property=\"og:title\" content=\"Kindersitz EVOLUNA I-SIZE 2 - Kiddy\" \/>\n<meta property=\"og:description\" content=\"Kindersitz 0-13 kg \u2606 ADAC \u2606 Norm i-Size 2 \u2606 Liegeposition im Auto Lie-Flat \u2606 0-15 Monate \u2606 45-83 cm \u2606 RWF-Autositz\" \/>\n<meta property=\"og:url\" content=\"https:\/\/kiddy.com\/de\/produkte\/evoluna-i-size-2\/\" \/>\n<meta property=\"og:site_name\" content=\"Kiddy\" \/>\n<meta property=\"article:publisher\" content=\"https:\/\/www.facebook.com\/kiddypolska\/\" \/>\n<meta property=\"article:modified_time\" content=\"2023-01-30T08:40:52+00:00\" \/>\n<meta property=\"og:image\" content=\"https:\/\/kiddy.com\/app\/uploads\/2022\/07\/fotelik-samochodowy-kiddy-evoluna-i-size-2-szary-grey-melange-2_1.jpg\" \/>\n\t<meta property=\"og:image:width\" content=\"700\" \/>\n\t<meta property=\"og:image:height\" content=\"700\" \/>\n\t<meta property=\"og:image:type\" content=\"image\/jpeg\" \/>\n<meta name=\"twitter:card\" content=\"summary_large_image\" \/>\n<!-- \/ Yoast SEO plugin. -->","yoast_head_json":{"title":"Kindersitz EVOLUNA I-SIZE 2 - Kiddy","description":"Kindersitz 0-13 kg \u2606 ADAC \u2606 Norm i-Size 2 \u2606 Liegeposition im Auto Lie-Flat \u2606 0-15 Monate \u2606 45-83 cm \u2606 RWF-Autositz","robots":{"index":"index","follow":"follow","max-snippet":"max-snippet:-1","max-image-preview":"max-image-preview:large","max-video-preview":"max-video-preview:-1"},"canonical":"https:\/\/kiddy.com\/de\/produkte\/evoluna-i-size-2\/","og_locale":"de_DE","og_type":"article","og_title":"Kindersitz EVOLUNA I-SIZE 2 - Kiddy","og_description":"Kindersitz 0-13 kg \u2606 ADAC \u2606 Norm i-Size 2 \u2606 Liegeposition im Auto Lie-Flat \u2606 0-15 Monate \u2606 45-83 cm \u2606 RWF-Autositz","og_url":"https:\/\/kiddy.com\/de\/produkte\/evoluna-i-size-2\/","og_site_name":"Kiddy","article_publisher":"https:\/\/www.facebook.com\/kiddypolska\/","article_modified_time":"2023-01-30T08:40:52+00:00","og_image":[{"width":700,"height":700,"url":"https:\/\/kiddy.com\/app\/uploads\/2022\/07\/fotelik-samochodowy-kiddy-evoluna-i-size-2-szary-grey-melange-2_1.jpg","type":"image\/jpeg"}],"twitter_card":"summary_large_image","schema":{"@context":"https:\/\/schema.org","@graph":[{"@type":"WebPage","@id":"https:\/\/kiddy.com\/de\/produkte\/evoluna-i-size-2\/","url":"https:\/\/kiddy.com\/de\/produkte\/evoluna-i-size-2\/","name":"Kindersitz EVOLUNA I-SIZE 2 - Kiddy","isPartOf":{"@id":"https:\/\/kiddy.com\/#website"},"primaryImageOfPage":{"@id":"https:\/\/kiddy.com\/de\/produkte\/evoluna-i-size-2\/#primaryimage"},"image":{"@id":"https:\/\/kiddy.com\/de\/produkte\/evoluna-i-size-2\/#primaryimage"},"thumbnailUrl":"https:\/\/kiddy.com\/app\/uploads\/2022\/07\/fotelik-samochodowy-kiddy-evoluna-i-size-2-szary-grey-melange-2_1.jpg","datePublished":"2022-09-09T05:10:56+00:00","dateModified":"2023-01-30T08:40:52+00:00","description":"Kindersitz 0-13 kg \u2606 ADAC \u2606 Norm i-Size 2 \u2606 Liegeposition im Auto Lie-Flat \u2606 0-15 Monate \u2606 45-83 cm \u2606 RWF-Autositz","breadcrumb":{"@id":"https:\/\/kiddy.com\/de\/produkte\/evoluna-i-size-2\/#breadcrumb"},"inLanguage":"de-DE","potentialAction":[{"@type":"ReadAction","target":["https:\/\/kiddy.com\/de\/produkte\/evoluna-i-size-2\/"]}]},{"@type":"ImageObject","inLanguage":"de-DE","@id":"https:\/\/kiddy.com\/de\/produkte\/evoluna-i-size-2\/#primaryimage","url":"https:\/\/kiddy.com\/app\/uploads\/2022\/07\/fotelik-samochodowy-kiddy-evoluna-i-size-2-szary-grey-melange-2_1.jpg","contentUrl":"https:\/\/kiddy.com\/app\/uploads\/2022\/07\/fotelik-samochodowy-kiddy-evoluna-i-size-2-szary-grey-melange-2_1.jpg","width":700,"height":700},{"@type":"BreadcrumbList","@id":"https:\/\/kiddy.com\/de\/produkte\/evoluna-i-size-2\/#breadcrumb","itemListElement":[{"@type":"ListItem","position":1,"name":"Strona g\u0142\u00f3wna","item":"https:\/\/kiddy.com\/de\/"},{"@type":"ListItem","position":2,"name":"EVOLUNA I-SIZE 2"}]},{"@type":"WebSite","@id":"https:\/\/kiddy.com\/#website","url":"https:\/\/kiddy.com\/","name":"Kiddy","description":"Kiddy","publisher":{"@id":"https:\/\/kiddy.com\/#organization"},"potentialAction":[{"@type":"SearchAction","target":{"@type":"EntryPoint","urlTemplate":"https:\/\/kiddy.com\/?s={search_term_string}"},"query-input":{"@type":"PropertyValueSpecification","valueRequired":true,"valueName":"search_term_string"}}],"inLanguage":"de-DE"},{"@type":"Organization","@id":"https:\/\/kiddy.com\/#organization","name":"Kiddy","url":"https:\/\/kiddy.com\/","logo":{"@type":"ImageObject","inLanguage":"de-DE","@id":"https:\/\/kiddy.com\/#\/schema\/logo\/image\/","url":"https:\/\/kiddy.com\/app\/uploads\/2022\/09\/Logo-Kiddy-Engineered-with-love.jpg","contentUrl":"https:\/\/kiddy.com\/app\/uploads\/2022\/09\/Logo-Kiddy-Engineered-with-love.jpg","width":841,"height":595,"caption":"Kiddy"},"image":{"@id":"https:\/\/kiddy.com\/#\/schema\/logo\/image\/"},"sameAs":["https:\/\/www.facebook.com\/kiddypolska\/","https:\/\/www.instagram.com\/kiddy_global\/","https:\/\/www.youtube.com\/channel\/UC1RBJ6VMaCFUrU0BoLF5nvA"]}]}},"_links":{"self":[{"href":"https:\/\/kiddy.com\/de\/wp-json\/wp\/v2\/products\/1795","targetHints":{"allow":["GET"]}}],"collection":[{"href":"https:\/\/kiddy.com\/de\/wp-json\/wp\/v2\/products"}],"about":[{"href":"https:\/\/kiddy.com\/de\/wp-json\/wp\/v2\/types\/products"}],"version-history":[{"count":3,"href":"https:\/\/kiddy.com\/de\/wp-json\/wp\/v2\/products\/1795\/revisions"}],"predecessor-version":[{"id":4277,"href":"https:\/\/kiddy.com\/de\/wp-json\/wp\/v2\/products\/1795\/revisions\/4277"}],"wp:featuredmedia":[{"embeddable":true,"href":"https:\/\/kiddy.com\/de\/wp-json\/wp\/v2\/media\/253"}],"wp:attachment":[{"href":"https:\/\/kiddy.com\/de\/wp-json\/wp\/v2\/media?parent=1795"}],"curies":[{"name":"wp","href":"https:\/\/api.w.org\/{rel}","templated":true}]}}